{"id":2063,"date":"2023-09-10T18:25:11","date_gmt":"2023-09-10T16:25:11","guid":{"rendered":"https:\/\/kb.greenway.sk\/?page_id=2063"},"modified":"2023-09-10T18:25:11","modified_gmt":"2023-09-10T16:25:11","slug":"pojemnosc-brutto-i-netto-jak-to-jest-z-tym-akumulatorem-w-ev","status":"publish","type":"page","link":"https:\/\/kb.greenway.sk\/pl\/stacje-ladowania\/pojemnosc-brutto-i-netto-jak-to-jest-z-tym-akumulatorem-w-ev\/","title":{"rendered":"Pojemno\u015b\u0107 brutto i netto \u2013 jak to jest z tym akumulatorem w EV?"},"content":{"rendered":"<h1>Pojemno\u015b\u0107 brutto i netto \u2013 jak to jest z tym akumulatorem w EV?<\/h1>\n<p>Czytaj\u0105c kart\u0119 produktu samochodu elektrycznego, mo\u017cemy napotka\u0107 dwie r\u00f3\u017cne warto\u015bci m\u00f3wi\u0105ce o tym, jak\u0105 pojemno\u015b\u0107 posiada akumulator danego modelu EV. U\u017cytkownicy mog\u0105 by\u0107 lekko zak\u0142opotani t\u0105 rozbie\u017cno\u015bci\u0105, szczeg\u00f3lnie \u017ce zdarza si\u0119, \u017ce warto\u015bci znacznie si\u0119 od siebie r\u00f3\u017cni\u0105, a s\u0105 nimi:<\/p>\n<ul>\n<li>pojemno\u015b\u0107 brutto,<\/li>\n<li>pojemno\u015b\u0107 netto.<\/li>\n<\/ul>\n<p><strong>Czym jest pojemno\u015b\u0107 brutto?<\/strong><\/p>\n<p>Wy\u017csza liczba podawana na karcie produktu wskazuje pojemno\u015b\u0107 brutto, czyli pojemno\u015b\u0107 ca\u0142kowit\u0105 zawartych w akumulatorze ogniw. Tej teoretycznej wielko\u015bci nigdy nie wykorzystujemy ze wzgl\u0119du na to, \u017ce optymalne warunki do \u0142adowania (co wp\u0142ywa na szybko\u015b\u0107 \u0142adowania \u2013 dowiedz si\u0119 wi\u0119cej) wyst\u0119puj\u0105 niezwykle rzadko. A po drugie \u2013 ca\u0142kowite roz\u0142adowanie akumulator\u00f3w mog\u0142oby spowodowa\u0107 znaczn\u0105 degradacj\u0119 baterii samochodu. St\u0105d przyjmuje si\u0119 tak zwany bufor akumulatora. Jest to jednoznaczne z tym, \u017ce \u017caden u\u017cytkownik EV nie mo\u017ce roz\u0142adowa\u0107 ca\u0142kowicie baterii akumulatora, ani ca\u0142kowicie jej na\u0142adowa\u0107. Pomimo tego, \u017ce wy\u015bwietla nam si\u0119, i\u017c pojazd jest w 100% na\u0142adowany \u2013 to jest to pojemno\u015b\u0107 netto, a nie brutto.<\/p>\n<p><strong>Czym jest pojemno\u015b\u0107 netto?<\/strong><\/p>\n<p>To nic innego jak pojemno\u015b\u0107 u\u017cytkowa akumulatora, wskazuj\u0105ca faktyczn\u0105 ilo\u015b\u0107 energii, jak\u0105 mo\u017ce wykorzysta\u0107 samoch\u00f3d do tego, aby si\u0119 porusza\u0107. To w\u0142a\u015bnie ten parametr dla u\u017cytkownik\u00f3w EV powinien by\u0107 brany pod uwag\u0119 podczas zakupu samochodu elektrycznego.<\/p>\n<p><strong>Czy r\u00f3\u017cnica mi\u0119dzy netto i brutto w ka\u017cdym modelu EV jest taka sama?<\/strong><\/p>\n<p>Warto sprawdzi\u0107 w warunkach technicznych pojazdu, jak\u0105 warto\u015bci\u0105 brutto i netto dysponuje bateria w naszym samochodzie. W niekt\u00f3rych s\u0105 one do\u015b\u0107 du\u017ce, ze wzgl\u0119du na to, \u017ce jego konstruktorzy zak\u0142adaj\u0105 znaczn\u0105 rezerwacj\u0119 na wspomnian\u0105 ju\u017c degradacj\u0119 ogniw (degradacja baterii w EV \u2013 dowiedz si\u0119 wi\u0119cej). W niekt\u00f3rych wypadkach brane s\u0105 pod uwag\u0119 r\u00f3wnie\u017c mo\u017cliwo\u015bci uk\u0142adu ch\u0142odzenia akumulatora i wp\u0142yw stosowania ultraszybkich \u0142adowarek czy zachodz\u0105ce w akumulatorze reakcje chemiczne.<\/p>\n<p><strong>Zatem odpowiadaj\u0105c na pytanie<\/strong> \u2013 w ka\u017cdym modelu r\u00f3\u017cnica wielko\u015bci brutto i netto b\u0119dzie inna. Jest ona jednak niezb\u0119dna, aby EV d\u0142ugo nam s\u0142u\u017cy\u0142.<\/p>\n<p><a href=\"https:\/\/kb.greenway.sk\/pl\/stacje-ladowania\/inteligentne-ladowanie\/\">Dobre praktyki \u0142adowania<\/a> \u2013 dowiedz si\u0119 wi\u0119cej.<\/p>\n","protected":false},"excerpt":{"rendered":"<p>Pojemno\u015b\u0107 brutto i netto \u2013 jak to jest z tym akumulatorem w EV? Czytaj\u0105c kart\u0119 produktu samochodu elektrycznego, mo\u017cemy napotka\u0107 dwie r\u00f3\u017cne warto\u015bci m\u00f3wi\u0105ce o tym, jak\u0105 pojemno\u015b\u0107 posiada akumulator&#8230;<\/p>\n","protected":false},"author":8,"featured_media":0,"parent":639,"menu_order":0,"comment_status":"closed","ping_status":"closed","template":"","meta":[],"yoast_head":"<!-- This site is optimized with the Yoast SEO plugin v15.3 - https:\/\/yoast.com\/wordpress\/plugins\/seo\/ -->\n<title>Pojemno\u015b\u0107 brutto i netto \u2013 jak to jest z tym akumulatorem w EV? - GreenWay<\/title>\n<meta name=\"robots\" content=\"index, follow, max-snippet:-1, max-image-preview:large, max-video-preview:-1\" \/>\n<link rel=\"canonical\" href=\"https:\/\/kb.greenway.sk\/pl\/stacje-ladowania\/pojemnosc-brutto-i-netto-jak-to-jest-z-tym-akumulatorem-w-ev\/\" \/>\n<meta property=\"og:locale\" content=\"pl_PL\" \/>\n<meta property=\"og:type\" content=\"article\" \/>\n<meta property=\"og:title\" content=\"Pojemno\u015b\u0107 brutto i netto \u2013 jak to jest z tym akumulatorem w EV? - GreenWay\" \/>\n<meta property=\"og:description\" content=\"Pojemno\u015b\u0107 brutto i netto \u2013 jak to jest z tym akumulatorem w EV? Czytaj\u0105c kart\u0119 produktu samochodu elektrycznego, mo\u017cemy napotka\u0107 dwie r\u00f3\u017cne warto\u015bci m\u00f3wi\u0105ce o tym, jak\u0105 pojemno\u015b\u0107 posiada akumulator...\" \/>\n<meta property=\"og:url\" content=\"https:\/\/kb.greenway.sk\/pl\/stacje-ladowania\/pojemnosc-brutto-i-netto-jak-to-jest-z-tym-akumulatorem-w-ev\/\" \/>\n<meta property=\"og:site_name\" content=\"GreenWay\" \/>\n<meta name=\"twitter:card\" content=\"summary_large_image\" \/>\n<meta name=\"twitter:label1\" content=\"Written by\">\n\t<meta name=\"twitter:data1\" content=\"Dominika Sujkowska\">\n\t<meta name=\"twitter:label2\" content=\"Est. reading time\">\n\t<meta name=\"twitter:data2\" content=\"2 minuty\">\n<script type=\"application\/ld+json\" class=\"yoast-schema-graph\">{\"@context\":\"https:\/\/schema.org\",\"@graph\":[{\"@type\":\"WebSite\",\"@id\":\"https:\/\/kb.greenway.sk\/#website\",\"url\":\"https:\/\/kb.greenway.sk\/\",\"name\":\"GreenWay\",\"description\":\"\",\"potentialAction\":[{\"@type\":\"SearchAction\",\"target\":\"https:\/\/kb.greenway.sk\/?s={search_term_string}\",\"query-input\":\"required name=search_term_string\"}],\"inLanguage\":\"pl-PL\"},{\"@type\":\"WebPage\",\"@id\":\"https:\/\/kb.greenway.sk\/pl\/stacje-ladowania\/pojemnosc-brutto-i-netto-jak-to-jest-z-tym-akumulatorem-w-ev\/#webpage\",\"url\":\"https:\/\/kb.greenway.sk\/pl\/stacje-ladowania\/pojemnosc-brutto-i-netto-jak-to-jest-z-tym-akumulatorem-w-ev\/\",\"name\":\"Pojemno\\u015b\\u0107 brutto i netto \\u2013 jak to jest z tym akumulatorem w EV? - GreenWay\",\"isPartOf\":{\"@id\":\"https:\/\/kb.greenway.sk\/#website\"},\"datePublished\":\"2023-09-10T16:25:11+00:00\",\"dateModified\":\"2023-09-10T16:25:11+00:00\",\"breadcrumb\":{\"@id\":\"https:\/\/kb.greenway.sk\/pl\/stacje-ladowania\/pojemnosc-brutto-i-netto-jak-to-jest-z-tym-akumulatorem-w-ev\/#breadcrumb\"},\"inLanguage\":\"pl-PL\",\"potentialAction\":[{\"@type\":\"ReadAction\",\"target\":[\"https:\/\/kb.greenway.sk\/pl\/stacje-ladowania\/pojemnosc-brutto-i-netto-jak-to-jest-z-tym-akumulatorem-w-ev\/\"]}]},{\"@type\":\"BreadcrumbList\",\"@id\":\"https:\/\/kb.greenway.sk\/pl\/stacje-ladowania\/pojemnosc-brutto-i-netto-jak-to-jest-z-tym-akumulatorem-w-ev\/#breadcrumb\",\"itemListElement\":[{\"@type\":\"ListItem\",\"position\":1,\"item\":{\"@type\":\"WebPage\",\"@id\":\"https:\/\/kb.greenway.sk\/pl\/\",\"url\":\"https:\/\/kb.greenway.sk\/pl\/\",\"name\":\"Knowledge base\"}},{\"@type\":\"ListItem\",\"position\":2,\"item\":{\"@type\":\"WebPage\",\"@id\":\"https:\/\/kb.greenway.sk\/pl\/stacje-ladowania\/\",\"url\":\"https:\/\/kb.greenway.sk\/pl\/stacje-ladowania\/\",\"name\":\"Samochody elektryczne\"}},{\"@type\":\"ListItem\",\"position\":3,\"item\":{\"@type\":\"WebPage\",\"@id\":\"https:\/\/kb.greenway.sk\/pl\/stacje-ladowania\/pojemnosc-brutto-i-netto-jak-to-jest-z-tym-akumulatorem-w-ev\/\",\"url\":\"https:\/\/kb.greenway.sk\/pl\/stacje-ladowania\/pojemnosc-brutto-i-netto-jak-to-jest-z-tym-akumulatorem-w-ev\/\",\"name\":\"Pojemno\\u015b\\u0107 brutto i netto \\u2013 jak to jest z tym akumulatorem w EV?\"}}]}]}<\/script>\n<!-- \/ Yoast SEO plugin. -->","_links":{"self":[{"href":"https:\/\/kb.greenway.sk\/pl\/wp-json\/wp\/v2\/pages\/2063\/"}],"collection":[{"href":"https:\/\/kb.greenway.sk\/pl\/wp-json\/wp\/v2\/pages\/"}],"about":[{"href":"https:\/\/kb.greenway.sk\/pl\/wp-json\/wp\/v2\/types\/page\/"}],"author":[{"embeddable":true,"href":"https:\/\/kb.greenway.sk\/pl\/wp-json\/wp\/v2\/users\/8\/"}],"replies":[{"embeddable":true,"href":"https:\/\/kb.greenway.sk\/pl\/wp-json\/wp\/v2\/comments\/?post=2063"}],"version-history":[{"count":1,"href":"https:\/\/kb.greenway.sk\/pl\/wp-json\/wp\/v2\/pages\/2063\/revisions\/"}],"predecessor-version":[{"id":2064,"href":"https:\/\/kb.greenway.sk\/pl\/wp-json\/wp\/v2\/pages\/2063\/revisions\/2064\/"}],"up":[{"embeddable":true,"href":"https:\/\/kb.greenway.sk\/pl\/wp-json\/wp\/v2\/pages\/639\/"}],"wp:attachment":[{"href":"https:\/\/kb.greenway.sk\/pl\/wp-json\/wp\/v2\/media\/?parent=2063"}],"curies":[{"name":"wp","href":"https:\/\/api.w.org\/{rel}","templated":true}]}}